{"id":3,"date":"2023-03-27T14:26:32","date_gmt":"2023-03-27T19:26:32","guid":{"rendered":"http:\/\/localhost\/maverick\/?page_id=3"},"modified":"2023-07-02T15:49:21","modified_gmt":"2023-07-02T20:49:21","slug":"politica-privacidad","status":"publish","type":"page","link":"https:\/\/maverickconsultora.com\/en\/politica-privacidad\/","title":{"rendered":"Privacy policy"},"content":{"rendered":"<div data-elementor-type=\"wp-page\" data-elementor-id=\"3\" class=\"elementor elementor-3\">\n\t\t\t\t\t\t\t\t\t<section class=\"elementor-section elementor-top-section elementor-element elementor-element-2d531c5 elementor-section-full_width elementor-section-stretched elementor-section-height-default elementor-section-height-default\" data-id=\"2d531c5\" data-element_type=\"section\" data-settings=\"{&quot;stretch_section&quot;:&quot;section-stretched&quot;}\">\n\t\t\t\t\t\t\t<div class=\"elementor-background-overlay\"><\/div>\n\t\t\t\t\t\t\t<div class=\"elementor-container elementor-column-gap-no\">\n\t\t\t\t\t<div class=\"elementor-column elementor-col-100 elementor-top-column elementor-element elementor-element-d88cdf2\" data-id=\"d88cdf2\" data-element_type=\"column\">\n\t\t\t<div class=\"elementor-widget-wrap elementor-element-populated\">\n\t\t\t\t\t\t\t\t<div class=\"elementor-element elementor-element-64fd632 elementor-widget elementor-widget-heading\" data-id=\"64fd632\" data-element_type=\"widget\" data-widget_type=\"heading.default\">\n\t\t\t\t<div class=\"elementor-widget-container\">\n\t\t\t<style>\/*! elementor - v3.14.0 - 26-06-2023 *\/\n.elementor-heading-title{padding:0;margin:0;line-height:1}.elementor-widget-heading .elementor-heading-title[class*=elementor-size-]>a{color:inherit;font-size:inherit;line-height:inherit}.elementor-widget-heading .elementor-heading-title.elementor-size-small{font-size:15px}.elementor-widget-heading .elementor-heading-title.elementor-size-medium{font-size:19px}.elementor-widget-heading .elementor-heading-title.elementor-size-large{font-size:29px}.elementor-widget-heading .elementor-heading-title.elementor-size-xl{font-size:39px}.elementor-widget-heading .elementor-heading-title.elementor-size-xxl{font-size:59px}<\/style><h2 class=\"elementor-heading-title elementor-size-default\">POL\u00cdTICA DE PRIVACIDAD<\/h2>\t\t<\/div>\n\t\t\t\t<\/div>\n\t\t\t\t\t<\/div>\n\t\t<\/div>\n\t\t\t\t\t\t\t<\/div>\n\t\t<\/section>\n\t\t\t\t<section class=\"elementor-section elementor-top-section elementor-element elementor-element-401e64eb elementor-section-full_width elementor-section-stretched elementor-section-height-default elementor-section-height-default\" data-id=\"401e64eb\" data-element_type=\"section\" data-settings=\"{&quot;stretch_section&quot;:&quot;section-stretched&quot;,&quot;background_background&quot;:&quot;classic&quot;}\">\n\t\t\t\t\t\t\t<div class=\"elementor-background-overlay\"><\/div>\n\t\t\t\t\t\t\t<div class=\"elementor-container elementor-column-gap-no\">\n\t\t\t\t\t<div class=\"elementor-column elementor-col-100 elementor-top-column elementor-element elementor-element-401f8d6e\" data-id=\"401f8d6e\" data-element_type=\"column\">\n\t\t\t<div class=\"elementor-widget-wrap elementor-element-populated\">\n\t\t\t\t\t\t\t\t<div class=\"elementor-element elementor-element-2541ecec elementor-widget__width-inherit elementor-widget-mobile__width-inherit elementor-widget elementor-widget-text-editor\" data-id=\"2541ecec\" data-element_type=\"widget\" data-widget_type=\"text-editor.default\">\n\t\t\t\t<div class=\"elementor-widget-container\">\n\t\t\t<style>\/*! elementor - v3.14.0 - 26-06-2023 *\/\n.elementor-widget-text-editor.elementor-drop-cap-view-stacked .elementor-drop-cap{background-color:#69727d;color:#fff}.elementor-widget-text-editor.elementor-drop-cap-view-framed .elementor-drop-cap{color:#69727d;border:3px solid;background-color:transparent}.elementor-widget-text-editor:not(.elementor-drop-cap-view-default) .elementor-drop-cap{margin-top:8px}.elementor-widget-text-editor:not(.elementor-drop-cap-view-default) .elementor-drop-cap-letter{width:1em;height:1em}.elementor-widget-text-editor .elementor-drop-cap{float:left;text-align:center;line-height:1;font-size:50px}.elementor-widget-text-editor .elementor-drop-cap-letter{display:inline-block}<\/style>\t\t\t\t<p style=\"text-align: center;\"><b>POL\u00cdTICA DE TRATAMIENTO PROTECCI\u00d3N DE DATOS PERSONALES\u00a0 MAVERICK\u00a0<\/b><\/p><p><span style=\"font-weight: 400;\">En cumplimiento a lo dispuesto en la Ley estatutaria 1581 de 2012 y a su Decreto Reglamentario 1377 de 2013, <\/span><b>MAVERICK<\/b><span style=\"font-weight: 400;\"> informa la pol\u00edtica aplicable para el tratamiento y protecci\u00f3n de datos personales.\u00a0\u00a0\u00a0<\/span><\/p><p style=\"text-align: center;\"><b>FUNDAMENTO LEGAL.\u00a0\u00a0\u00a0<\/b><\/p><p><span style=\"font-weight: 400;\">Constituci\u00f3n Pol\u00edtica, art\u00edculo 15.\u00a0<\/span><\/p><p><span style=\"font-weight: 400;\">Ley 1266 de 2008\u00a0\u00a0\u00a0<\/span><\/p><p><span style=\"font-weight: 400;\">Ley 1581 de 2012\u00a0\u00a0\u00a0<\/span><\/p><p><span style=\"font-weight: 400;\">Decretos Reglamentarios 1727 de 2009 y 2952 de 2010,\u00a0\u00a0\u00a0<\/span><\/p><p><span style=\"font-weight: 400;\">Decreto Reglamentario parcial 1377 de 2013.<\/span><\/p><p style=\"text-align: center;\"><b>DATOS GENERALES.\u00a0\u00a0<\/b><\/p><p><span style=\"font-weight: 400;\">a) Identificaci\u00f3n de la sociedad: <\/span><b>MAVERICK<\/b><span style=\"font-weight: 400;\">, es una sociedad privada identificada con el NIT No. 901685474-5, matr\u00edcula mercantil No. 1177678-16 del 13 de febrero de 2023, constituida mediante documento privado en Cali y domicilio principal en la CALLE 10 NORTE 10 07 OF D 2 de la ciudad de Cali.\u00a0\u00a0\u00a0<\/span><\/p><p><span style=\"font-weight: 400;\">b)\u00a0 Canales de atenci\u00f3n:\u00a0 Los titulares de la informaci\u00f3n o sus causahabientes podr\u00e1n acudir a la informaci\u00f3n que sobre ellos se encuentre registrada en la base de datos de <\/span><b>MAVERICK <\/b><span style=\"font-weight: 400;\">a trav\u00e9s de los siguientes canales de atenci\u00f3n: <\/span><b><\/b><\/p><p><b>Ciudad: <\/b><span style=\"font-weight: 400;\">Cali<\/span><\/p><p><b>Direcci\u00f3n: <\/b><span style=\"font-weight: 400;\">CALLE 10 NORTE 10 07 OF D 2<\/span><\/p><p><b>Tel\u00e9fono M\u00f3vil: <\/b><span style=\"font-weight: 400;\">315 5383419<\/span><\/p><p><b>Sitio Web: <\/b><span style=\"font-weight: 400;\">www.maverickconsultora.com<\/span><\/p><p><b>Correo electr\u00f3nico:\u00a0 <\/b><span style=\"font-weight: 400;\">contacto@maverickconsultora.com<\/span><\/p><p><b>DEFINICIONES.\u00a0\u00a0\u00a0<\/b><\/p><p><b>BASE DE DATOS: <\/b><span style=\"font-weight: 400;\">Conjunto organizado de datos personales que sea objeto de tratamiento. <\/span><b>\u00a0\u00a0\u00a0<\/b><\/p><p><b>TITULAR: <\/b><span style=\"font-weight: 400;\">Persona natural cuyos datos personales sean objeto de tratamiento.\u00a0\u00a0\u00a0\u00a0\u00a0\u00a0\u00a0\u00a0<\/span><\/p><p><b>DATO PERSONAL: <\/b><span style=\"font-weight: 400;\">Cualquier pieza de informaci\u00f3n vinculada a una o varias personas determinadas o determinables o que puedan asociarse a una persona natural.\u00a0\u00a0\u00a0\u00a0<\/span><\/p><p><b>DATO P\u00daBLICO: <\/b><span style=\"font-weight: 400;\">Es el dato que no es semiprivado, privado o sensible. Son considerados datos p\u00fablicos, entre otros, los datos relativos al estado civil de las personas, a su profesi\u00f3n u oficio y a su calidad de comerciante o de servidor p\u00fablico. Por su naturaleza, los datos p\u00fablicos pueden estar contenidos, entre otros, en registros p\u00fablicos, documentos p\u00fablicos, gacetas y boletines oficiales y sentencias judiciales debidamente ejecutoriadas que no est\u00e9n sometidas a reserva.\u00a0 <\/span><b>\u00a0\u00a0<\/b><\/p><p><b>DATOS SENSIBLES: <\/b><span style=\"font-weight: 400;\">Se entiende por datos sensibles aquellos que afectan la intimidad del titular o cuyo uso indebido puede generar su discriminaci\u00f3n, tales como aquellos que revelen el origen racial o \u00e9tnico, la orientaci\u00f3n pol\u00edtica, las convicciones religiosas o filos\u00f3ficas, la pertenencia a sindicatos, organizaciones sociales, de derechos humanos o que promueva intereses de cualquier partido pol\u00edtico o que garanticen los derechos y garant\u00edas de partidos pol\u00edticos de oposici\u00f3n, as\u00ed como los datos relativos a la salud, a la vida sexual, y los datos biom\u00e9tricos.\u00a0\u00a0\u00a0<\/span><\/p><p><b>ENCARGADO DEL TRATAMIENTO: <\/b><span style=\"font-weight: 400;\">Persona natural o jur\u00eddica, p\u00fablica o privada que por s\u00ed misma o en asocio con otros, realice el Tratamiento de datos personales por cuenta del Responsable del Tratamiento. \u00a0 <\/span><b>\u00a0<\/b><\/p><p><b>RESPONSABLE DEL TRATAMIENTO: <\/b><span style=\"font-weight: 400;\">Persona natural o jur\u00eddica, p\u00fablica o privada que por s\u00ed misma o en asocio con otros, decida sobre la base de datos y\/o Tratamiento de los datos.\u00a0\u00a0\u00a0\u00a0<\/span><\/p><p><b>TRATAMIENTO: <\/b><span style=\"font-weight: 400;\">Cualquier operaci\u00f3n o conjunto de operaciones sobre datos personales, tales como la recolecci\u00f3n, almacenamiento, uso, circulaci\u00f3n o supresi\u00f3n.\u00a0\u00a0\u00a0<\/span><\/p><p><b>TRANSFERENCIA: <\/b><span style=\"font-weight: 400;\">La transferencia de datos tiene lugar cuando el responsable y\/o encargado del tratamiento de datos personales, ubicado en Colombia, env\u00eda la informaci\u00f3n o los datos personales a un receptor, que a su vez es responsable del tratamiento y se encuentra dentro o fuera del pa\u00eds.\u00a0\u00a0\u00a0<\/span><\/p><p><b>TRANSMISI\u00d3N: <\/b><span style=\"font-weight: 400;\">Tratamiento de datos personales que implica la comunicaci\u00f3n de los mismos dentro o fuera del territorio de la Rep\u00fablica de Colombia cuando tenga por objeto la realizaci\u00f3n de un tratamiento por el encargado por cuenta del responsable.\u00a0\u00a0\u00a0\u00a0<\/span><\/p><p><b>AUTORIZACI\u00d3N: <\/b><span style=\"font-weight: 400;\">Consentimiento previo, expreso e informado del titular para llevar a cabo el tratamiento de datos personales. \u00a0 \u00a0 <\/span><b>\u00a0\u00a0\u00a0\u00a0\u00a0<\/b><\/p><p><b>AVISO DE PRIVACIDAD: <\/b><span style=\"font-weight: 400;\">Comunicaci\u00f3n verbal o escrita generada por el responsable dirigida al titular para el tratamiento de sus datos personales, mediante la cual se le informa acerca de la existencia de las pol\u00edticas de tratamiento de informaci\u00f3n que le ser\u00e1n aplicables, la forma de acceder a las mismas y las finalidades del tratamiento que se pretende dar a los datos personales.\u00a0\u00a0\u00a0\u00a0<\/span><\/p><p><b>HABEAS DATA: <\/b><span style=\"font-weight: 400;\">Derecho de cualquier persona a conocer, actualizar y rectificar las informaciones que se hayan recogido sobre ellas en el banco de datos y en archivos de entidades p\u00fablicas y privadas.\u00a0\u00a0\u00a0<\/span><\/p><p><b>PRINCIPIOS.\u00a0\u00a0<\/b><\/p><p><span style=\"font-weight: 400;\">En el desarrollo, interpretaci\u00f3n y aplicaci\u00f3n de la ley 1581 de 2012 por la cual se dictan disposiciones generales para la protecci\u00f3n de datos personales y las normas que la complementan, modifican o adicionan, se aplicar\u00e1n de manera arm\u00f3nica e integral los siguientes principios rectores:\u00a0\u00a0\u00a0<\/span><\/p><p><b>a) PRINCIPIO DE LA LEGALIDAD: <\/b><span style=\"font-weight: 400;\">El Tratamiento de datos es una actividad reglada que debe sujetarse a lo establecido en la ley y las dem\u00e1s disposiciones que la desarrollen.\u00a0\u00a0\u00a0<\/span><\/p><p><b>b) PRINCIPIO DE FINALIDAD: <\/b><span style=\"font-weight: 400;\">El tratamiento debe obedecer a una finalidad leg\u00edtima de acuerdo con la Constituci\u00f3n y la Ley, la cual debe ser informada al titular. En lo correspondiente a la recolecci\u00f3n de datos personales, <\/span><b>MAVERICK<\/b><span style=\"font-weight: 400;\"> se limitar\u00e1 a aquellos datos que sean pertinentes y adecuados para la finalidad con la cual fueron recolectados o requeridos de conformidad con el manual interno de procedimiento para el manejo de informaci\u00f3n y bases de datos.\u00a0\u00a0\u00a0<\/span><\/p><p><b>c) PRINCIPIO DE LIBERTAD: <\/b><span style=\"font-weight: 400;\">El tratamiento s\u00f3lo puede ejercerse con el consentimiento previo, expreso, e informado del titular. Los datos personales s\u00f3lo podr\u00e1n ser obtenidos o divulgados\u00a0 con previa autorizaci\u00f3n, o con la existencia de un mandato legal o judicial que releve el consentimiento.\u00a0\u00a0\u00a0<\/span><\/p><p><b>d) PRINCIPIO DE VERACIDAD O CALIDAD: <\/b><span style=\"font-weight: 400;\">La informaci\u00f3n sujeta a tratamiento debe ser veraz, completa, exacta, actualizada, comprobable y comprensible. Se proh\u00edbe el tratamiento de datos parciales, incompletos, fraccionados o que induzcan a error.\u00a0\u00a0<\/span><\/p><p><b>e) PRINCIPIO DE TRANSPARENCIA: <\/b><span style=\"font-weight: 400;\">En el tratamiento debe garantizarse el derecho del titular a obtener del responsable del tratamiento o del encargado del tratamiento, en cualquier momento y sin restricciones, informaci\u00f3n acerca de la existencia de datos que le concierne.\u00a0 <\/span><b><\/b><\/p><p><b>f) PRINCIPIO DE ACCESO Y CIRCULACI\u00d3N RESTRINGIDA: <\/b><span style=\"font-weight: 400;\">El tratamiento se sujeta a los l\u00edmites que se derivan de la naturaleza de los datos personales, de las disposiciones de la ley y la Constituci\u00f3n. En este sentido, el tratamiento s\u00f3lo podr\u00e1 hacerse por personas autorizadas por el titular y\/o por las personas previstas en la ley. Los datos personales, salvo la informaci\u00f3n p\u00fablica, no podr\u00e1n estar disponibles en internet u otros medios de divulgaci\u00f3n o comunicaci\u00f3n masiva, salvo que el acceso sea t\u00e9cnicamente controlable para brindar un conocimiento restringido s\u00f3lo a los titulares o terceros autorizados conforme a la ley.\u00a0\u00a0<\/span><\/p><p><b>g) PRINCIPIO DE SEGURIDAD: <\/b><span style=\"font-weight: 400;\">La informaci\u00f3n sujeta a tratamiento por <\/span><b>MAVERICK<\/b><span style=\"font-weight: 400;\">, se deber\u00e1 manejar con las medidas t\u00e9cnicas, humanas y administrativas que sean necesarias para otorgar seguridad a los registros evitando su adulteraci\u00f3n, p\u00e9rdida, consulta, uso o acceso no autorizado o fraudulento.\u00a0\u00a0\u00a0<\/span><\/p><p><b>h) PRINCIPIO DE CONFIDENCIALIDAD: MAVERICK<\/b><span style=\"font-weight: 400;\"> est\u00e1 obligada a garantizar la reserva de la informaci\u00f3n, inclusive despu\u00e9s de finalizada su relaci\u00f3n con alguna de las labores que comprende el tratamiento, pudiendo s\u00f3lo realizar suministro o comunicaci\u00f3n de datos personales cuando ello corresponda al desarrollo de las actividades autorizadas en la ley.\u00a0\u00a0<\/span><\/p><p style=\"text-align: center;\"><b>DERECHOS QUE LE ASISTEN AL TITULAR DE LA INFORMACI\u00d3N.\u00a0\u00a0\u00a0<\/b><\/p><p><span style=\"font-weight: 400;\">El titular de los datos personales tendr\u00e1 los siguientes derechos:\u00a0\u00a0\u00a0<\/span><\/p><p><span style=\"font-weight: 400;\">a) Conocer, actualizar y rectificar sus datos personales frente a <\/span><b>MAVERICK<\/b><span style=\"font-weight: 400;\"> en su condici\u00f3n de responsable del tratamiento. Este derecho se podr\u00e1 ejercer, entre otros, frente a datos parciales, inexactos, incompletos, fraccionados, que induzcan a error, o aquellos cuyo tratamiento est\u00e9 expresamente prohibido o no hayan sido autorizados.\u00a0\u00a0\u00a0<\/span><\/p><p><span style=\"font-weight: 400;\">b) Solicitar prueba de la autorizaci\u00f3n otorgada a <\/span><b>MAVERICK<\/b><span style=\"font-weight: 400;\"> salvo cuando expresamente se except\u00faa como requisito para el tratamiento.\u00a0\u00a0\u00a0<\/span><\/p><p><span style=\"font-weight: 400;\">c) Ser informado por <\/span><b>MAVERICK<\/b><span style=\"font-weight: 400;\">, previa solicitud, respecto del uso que le ha dado a sus datos personales.\u00a0\u00a0\u00a0<\/span><\/p><p><span style=\"font-weight: 400;\">d) Presentar ante la Superintendencia de Industria y Comercio quejas por infracciones a lo dispuesto en la Ley 1581 de 2012 y las dem\u00e1s normas que la modifiquen, adicionen o complementen.\u00a0\u00a0\u00a0<\/span><\/p><p><span style=\"font-weight: 400;\">e) Revocar la autorizaci\u00f3n y\/o solicitar la supresi\u00f3n del dato cuando en el Tratamiento no se respeten los principios, derechos y garant\u00edas constitucionales y legales.\u00a0\u00a0\u00a0\u00a0\u00a0\u00a0\u00a0\u00a0\u00a0\u00a0<\/span><\/p><p><span style=\"font-weight: 400;\">f) Acceder en forma gratuita a sus datos personales que hayan sido objeto de tratamiento.\u00a0\u00a0\u00a0<\/span><\/p><p style=\"text-align: center;\"><b>DERECHOS DE LOS NI\u00d1OS Y ADOLESCENTES.\u00a0\u00a0<\/b><\/p><p><span style=\"font-weight: 400;\">En el Tratamiento se asegurar\u00e1 el respeto a los derechos prevalentes de los ni\u00f1os, ni\u00f1as y adolescentes. Queda proscrito el Tratamiento de datos personales de ni\u00f1os, ni\u00f1as y adolescentes, salvo aquellos datos que sean de naturaleza p\u00fablica.\u00a0\u00a0<\/span><\/p><p style=\"text-align: center;\"><b>DEBERES DE MAVERICK\u00a0\u00a0<\/b><\/p><p><span style=\"font-weight: 400;\">a) Hacer uso de la informaci\u00f3n contenida en las bases de datos s\u00f3lo para la finalidad para la que se encuentra facultado.\u00a0\u00a0<\/span><\/p><p><span style=\"font-weight: 400;\">b) Garantizar al titular, en todo tiempo, el pleno y efectivo ejercicio del derecho de H\u00e1beas Data.\u00a0\u00a0<\/span><\/p><p><span style=\"font-weight: 400;\">c) Cuando se recolectan datos personales, deber\u00e1 limitarse\u00a0 a aquellos\u00a0 pertinentes y adecuados para la finalidad para cual son requeridos conforme a lo establecido en las leyes.\u00a0 Para ello no se utilizar\u00e1n medios enga\u00f1osos o fraudulentos.\u00a0\u00a0<\/span><\/p><p><span style=\"font-weight: 400;\">d) Conservar la informaci\u00f3n bajo las condiciones de seguridad necesarias para impedir su adulteraci\u00f3n, p\u00e9rdida, consulta, uso o acceso no autorizado o fraudulento.\u00a0\u00a0\u00a0<\/span><\/p><p><span style=\"font-weight: 400;\">e) Realizar oportunamente la actualizaci\u00f3n, rectificaci\u00f3n o supresi\u00f3n de los datos en los t\u00e9rminos se\u00f1alados por esta pol\u00edtica en el ac\u00e1pite de Procedimientos- Reclamos.\u00a0\u00a0\u00a0<\/span><\/p><p><span style=\"font-weight: 400;\">f) Habilitar medios de comunicaci\u00f3n electr\u00f3nica u otros que considere pertinentes que permitan atender de forma oportuna las consultas y reclamos presentados por los titulares de la informaci\u00f3n.\u00a0\u00a0\u00a0<\/span><\/p><p><span style=\"font-weight: 400;\">g) La informaci\u00f3n solicitada debe ser suministrada de forma gratuita\u00a0 y por cualquier medio, seg\u00fan lo requiera el titular. La informaci\u00f3n deber\u00e1 ser de f\u00e1cil lectura, sin barreras t\u00e9cnicas que impidan su acceso y deber\u00e1 corresponder estrictamente a aquella que repose en la base de datos. \u00a0 En el evento en que la certificaci\u00f3n de la informaci\u00f3n autorizada sea solicitada f\u00edsicamente y\/o \u00e9sta necesite ser enviada por correo certificado, <\/span><b>MAVERICK <\/b><span style=\"font-weight: 400;\">podr\u00e1 requerir al solicitante para que pague la suma que en gastos corresponda, sin que en ning\u00fan momento se pueda cobrar m\u00e1s de lo realmente facturado; en el evento de ser requerido, <\/span><b>MAVERICK<\/b><span style=\"font-weight: 400;\"> deber\u00e1 demostrar a la Superintendencia de Industria y Comercio el soporte de dichos gastos.\u00a0\u00a0\u00a0\u00a0\u00a0\u00a0\u00a0\u00a0<\/span><\/p><p><span style=\"font-weight: 400;\">h) Adoptar las dem\u00e1s medidas necesarias para que la informaci\u00f3n suministrada a este se mantenga actualizada.\u00a0\u00a0\u00a0<\/span><\/p><p><span style=\"font-weight: 400;\">i) Rectificar la informaci\u00f3n cuando sea incorrecta.\u00a0\u00a0<\/span><\/p><p><span style=\"font-weight: 400;\">j) Cumplir las instrucciones y requerimientos que imparta la\u00a0 Superintendencia de Industria y Comercio.\u00a0\u00a0\u00a0<\/span><\/p><p><span style=\"font-weight: 400;\">k) Abstenerse de circular informaci\u00f3n que est\u00e9 siendo controvertida por el titular y cuyo bloqueo haya sido ordenado por la Superintendencia de Industria y Comercio.\u00a0\u00a0\u00a0\u00a0<\/span><\/p><p><span style=\"font-weight: 400;\">l) Permitir el acceso a la informaci\u00f3n \u00fanicamente a las personas que pueden tener acceso a ella:\u00a0\u00a0\u00a0<\/span><\/p><p><span style=\"font-weight: 400;\">Los titulares de la misma, sus causahabientes o sus representantes legales.\u00a0 Entidades p\u00fablicas o administrativas en ejercicio de sus funciones legales o\u00a0 por orden judicial.\u00a0\u00a0<\/span><\/p><p><span style=\"font-weight: 400;\">A los terceros autorizados por el titular o por la ley.\u00a0\u00a0\u00a0<\/span><\/p><p><span style=\"font-weight: 400;\">m) Informar a la Superintendencia de Industria y Comercio cuando se presenten violaciones a los c\u00f3digos de seguridad y existan riesgos en la administraci\u00f3n de la informaci\u00f3n de los titulares.\u00a0\u00a0\u00a0<\/span><\/p><p><span style=\"font-weight: 400;\">n) Establecer los mecanismos necesarios para obtener la autorizaci\u00f3n de los titulares del tratamiento de sus datos, que podr\u00e1 ser otorgada\u00a0 a trav\u00e9s de documento f\u00edsico, electr\u00f3nico o en cualquier otro formato que permita garantizar su posterior consulta.\u00a0\u00a0\u00a0<\/span><\/p><p><span style=\"font-weight: 400;\">o) La autorizaci\u00f3n debe contener la siguiente informaci\u00f3n:\u00a0\u00a0\u00a0\u00a0<\/span><\/p><p><span style=\"font-weight: 400;\">Nombre e identificaci\u00f3n de la persona a quien se le est\u00e1 solicitando autorizaci\u00f3n.\u00a0 Identificaci\u00f3n de los datos que se est\u00e1n recolectando.\u00a0\u00a0<\/span><\/p><p><span style=\"font-weight: 400;\">Finalidad de los datos objeto de autorizaci\u00f3n.\u00a0\u00a0<\/span><\/p><p><span style=\"font-weight: 400;\">Informaci\u00f3n del procedimiento para ejercer derechos de acceso, correcci\u00f3n, actualizaci\u00f3n o supresi\u00f3n de los datos personales suministrados.\u00a0\u00a0\u00a0<\/span><\/p><p><span style=\"font-weight: 400;\">Los derechos que le asisten como titular.\u00a0\u00a0<\/span><\/p><p><span style=\"font-weight: 400;\">Medios de atenci\u00f3n dispuestos por <\/span><b>MAVERICK<span style=\"font-weight: 400;\">.\u00a0<\/span><\/b><span style=\"font-weight: 400;\">\u00a0\u00a0<\/span><\/p><p><span style=\"font-weight: 400;\">Es obligaci\u00f3n de <\/span><b>MAVERICK<\/b><span style=\"font-weight: 400;\"> conservar la prueba de la autorizaci\u00f3n y entregar copia al titular de la informaci\u00f3n en caso de requerirse.\u00a0\u00a0\u00a0<\/span><\/p><p><span style=\"font-weight: 400;\">p) Establecer mecanismos sencillos y gratuitos que permitan al titular solicitar el reporte, modificaci\u00f3n, supresi\u00f3n o actualizaci\u00f3n del dato, que pueden\u00a0 \u00a0 \u00a0 \u00a0 ser los mismos mecanismos utilizados para el otorgamiento del consentimiento sin perjuicio de los gastos que se puedan presentar con ocasi\u00f3n a la expedici\u00f3n y env\u00edo del mismo.\u00a0\u00a0\u00a0<\/span><\/p><p><span style=\"font-weight: 400;\">q) La informaci\u00f3n sujeta a tratamiento debe ser protegida mediante el uso de las medidas t\u00e9cnicas, humanas y administrativas que sean necesarias para otorgar seguridad a los registros evitando su adulteraci\u00f3n, p\u00e9rdida, consulta, uso o acceso no autorizado o fraudulento. Para ello, <\/span><b>MAVERICK<\/b><span style=\"font-weight: 400;\"> mantendr\u00e1 protocolos de seguridad de obligatorio cumplimiento para el personal con acceso a los datos de car\u00e1cter personal y a los sistemas de informaci\u00f3n.\u00a0\u00a0\u00a0<\/span><\/p><p><span style=\"font-weight: 400;\">r) El personal de <\/span><b>MAVERICK<\/b><span style=\"font-weight: 400;\"> que intervenga en el tratamiento de datos personales est\u00e1 obligado a garantizar la reserva de la informaci\u00f3n, inclusive despu\u00e9s de finalizada su relaci\u00f3n con alguna de las labores que comprende el tratamiento de acuerdo con lo dispuesto en el contrato laboral y\/o dem\u00e1s disposiciones sujetas en la relaci\u00f3n entre funcionario y la firma.\u00a0\u00a0\u00a0<\/span><\/p><p><span style=\"font-weight: 400;\">s) Designar a la gerencia administrativa y gerencia financiera que asuma la funci\u00f3n de protecci\u00f3n de datos personales y quienes adem\u00e1s velar\u00e1n para que a trav\u00e9s de los canales de atenci\u00f3n se tramiten a las solicitudes de los titulares.\u00a0\u00a0<\/span><\/p><p><span style=\"font-weight: 400;\">t) En principio el tratamiento de los datos personales de ni\u00f1os, ni\u00f1as y adolescentes est\u00e1 prohibido por la ley, salvo que sean datos de naturaleza p\u00fablica y\/o cuando dicho tratamiento cumpla los siguientes par\u00e1metros y requisitos:\u00a0\u00a0\u00a0<\/span><\/p><p><span style=\"font-weight: 400;\">Que responda y respete el inter\u00e9s superior de los ni\u00f1os, ni\u00f1as y adolescentes.\u00a0 Que se asegure el respeto de sus derechos fundamentales.\u00a0\u00a0\u00a0<\/span><\/p><p><span style=\"font-weight: 400;\">Una vez se cumplan los requisitos mencionados, <\/span><b>MAVERICK<\/b><span style=\"font-weight: 400;\"> verificar\u00e1 que el infante ejerza su derecho a ser escuchado (opini\u00f3n que ser\u00e1 valorada teniendo en cuenta la madurez, autonom\u00eda y capacidad para entender el asunto) y que posteriormente el representante legal otorgue la autorizaci\u00f3n.\u00a0\u00a0\u00a0<\/span><\/p><p><span style=\"font-weight: 400;\">Por lo anterior, <\/span><b>MAVERICK<\/b><span style=\"font-weight: 400;\"> velar\u00e1 por el uso adecuado de los datos personales de los menores de edad y respetar\u00e1 en su tratamiento el inter\u00e9s superior de aquellos, asegurando la protecci\u00f3n de sus derechos fundamentales.\u00a0\u00a0<\/span><\/p><p><span style=\"font-weight: 400;\">v) <\/span><b>MAVERICK<\/b><span style=\"font-weight: 400;\"> utilizar\u00e1 los datos personales de acuerdo con la autorizaci\u00f3n dada por el titular y solamente los trasmitir\u00e1 o transferir\u00e1 a aliados, filiales o subsidiaria, terceros que podr\u00e1n utilizar la informaci\u00f3n para el desarrollo de sus labores actuando en nombre de <\/span><b>MAVERICK<\/b><span style=\"font-weight: 400;\"> y\/o dando cumplimiento a los requerimiento de las autoridades, acogi\u00e9ndose a las leyes que aplican sobre la materia.\u00a0\u00a0\u00a0\u00a0\u00a0\u00a0\u00a0\u00a0\u00a0<\/span><\/p><p><span style=\"font-weight: 400;\">w) S\u00f3lo podr\u00e1n recolectar, almacenar, usar o circular los datos personales durante el tiempo que sea razonable y necesario, de acuerdo con las finalidades que justificaron su tratamiento, teniendo en cuenta las disposiciones legales y aspectos administrativos, contables, fiscales, jur\u00eddicos e hist\u00f3ricos de la informaci\u00f3n.\u00a0 Una vez cumplida la finalidad del tratamiento y sin perjuicio de normas legales que dispongan lo contrario, <\/span><b>MAVERICK<\/b><span style=\"font-weight: 400;\"> deber\u00e1n suprimir los datos personales. \u00a0 No obstante lo anterior, los datos personales deber\u00e1n ser conservados cuando as\u00ed se requiera para el cumplimiento de una obligaci\u00f3n legal o contractual.\u00a0\u00a0\u00a0<\/span><\/p><p><span style=\"font-weight: 400;\">x) Acreditar la existencia de la Pol\u00edtica de Privacidad y Protecci\u00f3n de Datos y la forma de acceder a la misma, la cual ser\u00e1 publicada en la p\u00e1gina web de la empresa.\u00a0\u00a0\u00a0<\/span><\/p><p><span style=\"font-weight: 400;\">y) Para la recolecci\u00f3n, uso y tratamiento de datos personales, deber\u00e1 cumplir con los siguientes par\u00e1metros:\u00a0\u00a0\u00a0\u00a0<\/span><\/p><p><span style=\"font-weight: 400;\">El tratamiento de los datos personales recogidos\u00a0 debe obedecer a una finalidad leg\u00edtima de la cual debe ser informada al titular.\u00a0\u00a0<\/span><\/p><p><span style=\"font-weight: 400;\">El tratamiento de los datos personales s\u00f3lo puede llevarse a cabo con el consentimiento, previo, expreso e informado del titular.\u00a0\u00a0\u00a0<\/span><\/p><p><span style=\"font-weight: 400;\">Los datos personales no podr\u00e1n ser obtenidos o divulgados sin previa autorizaci\u00f3n, o en ausencia de mandato legal o judicial que releve el consentimiento.\u00a0\u00a0<\/span><\/p><p><span style=\"font-weight: 400;\">La informaci\u00f3n sujeta a tratamiento debe ser veraz, completa, exacta, actualizada, comprobable y comprensible.\u00a0\u00a0\u00a0<\/span><\/p><p><span style=\"font-weight: 400;\">Se proh\u00edbe el tratamiento de datos parciales, incompletos, fraccionados o que induzcan a error.\u00a0\u00a0\u00a0<\/span><\/p><p><span style=\"font-weight: 400;\">Garantizarse el derecho del titular a obtener en cualquier momento y sin restricciones, informaci\u00f3n acerca de la existencia de datos que le concierne.\u00a0\u00a0\u00a0\u00a0\u00a0\u00a0\u00a0\u00a0\u00a0\u00a0\u00a0\u00a0\u00a0\u00a0<\/span><\/p><p><span style=\"font-weight: 400;\">z) En el evento de surgir una modificaci\u00f3n sustancial a la presente Pol\u00edtica de Tratamiento Protecci\u00f3n de Datos Personales, la firma, deber\u00e1 solicitar nuevamente al titular de la informaci\u00f3n, la autorizaci\u00f3n para el tratamiento de datos. <\/span><b><\/b><\/p><p style=\"text-align: center;\"><b>POL\u00cdTICA\u00a0\u00a0\u00a0<\/b><\/p><p style=\"text-align: center;\"><b>AUTORIZACIONES Y CONSENTIMIENTO DEL TITULAR.\u00a0\u00a0<\/b><\/p><p><span style=\"font-weight: 400;\">Sin perjuicio de las excepciones previstas en la Ley, en el tratamiento de datos personales del titular se requiere la autorizaci\u00f3n previa e informada de \u00e9ste, la cual deber\u00e1 ser obtenida por cualquier medio que pueda ser objeto de consulta posterior. <\/span><b>\u00a0<\/b><\/p><p style=\"text-align: center;\"><b>MEDIO Y MANIFESTACI\u00d3N PARA OTORGAR LA AUTORIZACI\u00d3N DEL TITULAR.\u00a0\u00a0<\/b><\/p><p><b>MAVERICK<\/b><span style=\"font-weight: 400;\"> en los t\u00e9rminos dispuestos en la Ley gener\u00f3 un aviso en el cual se comunica a los titulares que pueden ejercer su derecho al tratamiento de los datos personales a trav\u00e9s de la p\u00e1gina www.maverickconsultora.com, acudiendo a los siguientes canales de atenci\u00f3n:\u00a0\u00a0<\/span><\/p><p><b>Ciudad: <\/b><span style=\"font-weight: 400;\">Cali<\/span><\/p><p><b>Direcci\u00f3n: <\/b><span style=\"font-weight: 400;\">CALLE 10 NORTE 10 07 OF D 2<\/span><\/p><p><b>Tel\u00e9fono M\u00f3vil: <\/b><span style=\"font-weight: 400;\">315 5383419<\/span><\/p><p><b>Sitio Web: <\/b><span style=\"font-weight: 400;\">www.maverickconsultora.com<\/span><\/p><p><b>Correo electr\u00f3nico:\u00a0 <\/b><span style=\"font-weight: 400;\">contacto@maverickconsultora.com<\/span><\/p><p style=\"text-align: center;\"><b>EVENTOS EN LOS CUALES NO ES NECESARIA LA AUTORIZACI\u00d3N DEL TITULAR DE LOS DATOS PERSONALES.\u00a0\u00a0<\/b><\/p><p><span style=\"font-weight: 400;\">La autorizaci\u00f3n del titular de la informaci\u00f3n no ser\u00e1 necesaria en los siguientes casos:\u00a0\u00a0\u00a0<\/span><\/p><p><span style=\"font-weight: 400;\">a) Informaci\u00f3n requerida por una entidad p\u00fablica o administrativa en ejercicio de sus funciones legales o por orden judicial.\u00a0\u00a0\u00a0<\/span><\/p><p><span style=\"font-weight: 400;\">b) Datos de naturaleza p\u00fablica.\u00a0\u00a0\u00a0<\/span><\/p><p><span style=\"font-weight: 400;\">c) Casos de urgencia m\u00e9dica o sanitaria.\u00a0\u00a0\u00a0<\/span><\/p><p><span style=\"font-weight: 400;\">d) Tratamiento de informaci\u00f3n autorizado por la ley para fines hist\u00f3ricos, estad\u00edsticos o cient\u00edficos. Datos relacionados con el Registro Civil de las personas.\u00a0\u00a0\u00a0<\/span><\/p><p style=\"text-align: center;\"><b>LEGITIMACI\u00d3N PARA EL EJERCICIO DEL DERECHO DEL TITULAR\u00a0\u00a0<\/b><\/p><p><span style=\"font-weight: 400;\">Los derechos de los titulares establecidos en la Ley podr\u00e1n ejercerse por las siguientes personas:\u00a0\u00a0<\/span><\/p><p><span style=\"font-weight: 400;\">a) Por el titular, quien deber\u00e1 acreditar su identidad en forma suficiente.\u00a0<\/span><\/p><p><span style=\"font-weight: 400;\">b) Por los causahabientes del titular, quienes deber\u00e1n acreditar tal calidad.\u00a0\u00a0\u00a0\u00a0\u00a0\u00a0\u00a0\u00a0<\/span><\/p><p><span style=\"font-weight: 400;\">c) Por el representante y\/o apoderado del titular, previa acreditaci\u00f3n de la representaci\u00f3n o apoderamiento.\u00a0\u00a0<\/span><\/p><p><span style=\"font-weight: 400;\">d) Por estipulaci\u00f3n a favor de otro o para otro. Los derechos de los ni\u00f1os, ni\u00f1as y adolescentes se ejercer\u00e1n por las personas que est\u00e9n facultadas para representarlos.\u00a0\u00a0\u00a0<\/span><\/p><p style=\"text-align: center;\"><b>TRATAMIENTO AL CUAL SER\u00c1N SOMETIDOS LOS DATOS Y FINALIDAD DEL MISMO.\u00a0\u00a0<\/b><\/p><p><span style=\"font-weight: 400;\">El tratamiento para los datos personales de todas las personas que giran en torno de los servicios jur\u00eddicos, o no, encomendados a <\/span><b>MAVERICK<\/b><span style=\"font-weight: 400;\">, en especial la de los clientes, estar\u00e1 enmarcado en el orden legal.<\/span><\/p><p><span style=\"font-weight: 400;\">Para el caso de datos personales sensibles, se podr\u00e1 hacer uso y tratamiento de ellos cuando:\u00a0<\/span><\/p><p><span style=\"font-weight: 400;\">a) El Titular haya dado su autorizaci\u00f3n expl\u00edcita a dicho Tratamiento, salvo en los casos que por ley no sea requerido el otorgamiento de dicha autorizaci\u00f3n;\u00a0<\/span><\/p><p><span style=\"font-weight: 400;\">b) El Tratamiento sea necesario para salvaguardar el inter\u00e9s vital del Titular y este se encuentre f\u00edsica o jur\u00eddicamente incapacitado. En estos eventos, los representantes legales deber\u00e1n otorgar su autorizaci\u00f3n;\u00a0<\/span><\/p><p><span style=\"font-weight: 400;\">c) El Tratamiento se refiere a datos que sean necesarios para el reconocimiento, ejercicio o defensa de un derecho en un proceso judicial;\u00a0<\/span><\/p><p><span style=\"font-weight: 400;\">d) El Tratamiento tenga una finalidad hist\u00f3rica, estad\u00edstica o cient\u00edfica. En este evento deber\u00e1n adoptarse las medidas conducentes a la supresi\u00f3n de identidad de los Titulares.\u00a0\u00a0\u00a0<\/span><\/p><p><span style=\"font-weight: 400;\">El tratamiento de datos personales de ni\u00f1os, ni\u00f1as y adolescentes est\u00e1 prohibido, excepto cuando se trate de datos de naturaleza p\u00fablica, y cuando dicho tratamiento cumpla con los siguientes par\u00e1metros y\/o requisitos:\u00a0<\/span><\/p><p><span style=\"font-weight: 400;\">a) que respondan y respeten el inter\u00e9s superior de los ni\u00f1os, ni\u00f1as y adolescentes.\u00a0<\/span><\/p><p><span style=\"font-weight: 400;\">b) que se asegure el respeto de sus derechos fundamentales. Cumplidos los anteriores requisitos, el representante legal de los ni\u00f1os, ni\u00f1as o adolescentes otorgar\u00e1 la autorizaci\u00f3n, previo ejercicio del menor de su derecho a ser escuchado, opini\u00f3n que ser\u00e1 valorada teniendo en cuenta la madurez, autonom\u00eda y capacidad para entender el asunto. <\/span><b>MAVERICK<\/b><span style=\"font-weight: 400;\"> velar\u00e1 por el uso adecuado del tratamiento de los datos personales de los ni\u00f1os, ni\u00f1as o adolescentes\u00a0\u00a0\u00a0<\/span><\/p><p style=\"text-align: center;\"><b>PERSONAS A QUIENES SE LES PUEDE SUMINISTRAR LA INFORMACI\u00d3N\u00a0\u00a0<\/b><\/p><p><span style=\"font-weight: 400;\">La informaci\u00f3n que re\u00fana las condiciones establecidas en la ley podr\u00e1 suministrarse a las siguientes personas:\u00a0\u00a0\u00a0<\/span><\/p><p><span style=\"font-weight: 400;\">a) A los titulares, sus causahabientes (cuando aquellos falten) o sus representantes legales.\u00a0\u00a0<\/span><\/p><p><span style=\"font-weight: 400;\">b) A las entidades p\u00fablicas o administrativas en ejercicio de sus funciones legales o por orden judicial.\u00a0\u00a0\u00a0\u00a0\u00a0\u00a0\u00a0\u00a0\u00a0\u00a0<\/span><\/p><p><span style=\"font-weight: 400;\">c) A los terceros autorizados por el titular o por la ley.\u00a0\u00a0\u00a0\u00a0\u00a0\u00a0\u00a0<\/span><\/p><p><b>PROCEDIMIENTOS PARA LA ATENCI\u00d3N DE CONSULTAS, RECLAMOS Y PETICIONES.\u00a0\u00a0<\/b><\/p><p><b>Primero. Consultas. <\/b><span style=\"font-weight: 400;\">Los titulares o sus causahabientes podr\u00e1n consultar la informaci\u00f3n personal del titular que repose en cualquier base de datos de <\/span><b>MAVERICK<\/b><span style=\"font-weight: 400;\">\u00a0 El titular podr\u00e1 enviar sus preguntas o consultas relacionadas con sus datos personales recolectados y tratados por <\/span><b>MAVERICK<\/b><span style=\"font-weight: 400;\"> a los siguientes canales de atenci\u00f3n:\u00a0\u00a0\u00a0\u00a0<\/span><\/p><p><b>Ciudad: <\/b><span style=\"font-weight: 400;\">Cali<\/span><\/p><p><b>Direcci\u00f3n: <\/b><span style=\"font-weight: 400;\">CALLE 10 NORTE 10 07 OF D 2<\/span><\/p><p><b>Tel\u00e9fono M\u00f3vil: <\/b><span style=\"font-weight: 400;\">315 5383419<\/span><\/p><p><b>Sitio Web: <\/b><span style=\"font-weight: 400;\">www.maverickconsultora.com<\/span><\/p><p><b>Correo electr\u00f3nico:\u00a0 <\/b><span style=\"font-weight: 400;\">contacto@maverickconsultora.com<\/span><\/p><p><b>MAVERICK<\/b><span style=\"font-weight: 400;\"> resolver\u00e1 su inquietud o consulta dentro de los diez (10) d\u00edas h\u00e1biles siguientes\u00a0 a la fecha en que la haya recibido. Cuando no fuere posible atender la consulta dentro de dicho t\u00e9rmino, se informar\u00e1 al interesado antes del vencimiento de los 10 d\u00edas, expresando los motivos de la demora y se\u00f1alando la fecha en que se atender\u00e1 su consulta, la cual en ning\u00fan caso podr\u00e1 superar los cinco (5) d\u00edas h\u00e1biles siguientes al vencimiento del primer plazo.\u00a0\u00a0\u00a0<\/span><\/p><p><b>Segundo. Reclamos. <\/b><span style=\"font-weight: 400;\">El titular (o sus causahabientes ) que considere que la informaci\u00f3n contenida en alguna base de datos de <\/span><b>MAVERICK<\/b><span style=\"font-weight: 400;\"> debe ser objeto de correcci\u00f3n, actualizaci\u00f3n o supresi\u00f3n, o cuando adviertan el presunto incumplimiento de cualquiera de los deberes legales, podr\u00e1\u00a0 presentar\u00a0 el reclamo a trav\u00e9s de cualquier de los siguientes canales de atenci\u00f3n:\u00a0\u00a0<\/span><\/p><p><b>Ciudad: <\/b><span style=\"font-weight: 400;\">Cali<\/span><\/p><p><b>Direcci\u00f3n: <\/b><span style=\"font-weight: 400;\">CALLE 10 NORTE 10 07 OF D 2<\/span><\/p><p><b>Tel\u00e9fono M\u00f3vil: <\/b><span style=\"font-weight: 400;\">315 5383419<\/span><\/p><p><b>Sitio Web: <\/b><span style=\"font-weight: 400;\">www.maverickconsultora.com<\/span><\/p><p><b>Correo electr\u00f3nico:\u00a0 <\/b><span style=\"font-weight: 400;\">contacto@maverickconsultora.com<\/span><\/p><p><span style=\"font-weight: 400;\">La reclamaci\u00f3n deber\u00e1 contener como m\u00ednimo: La identificaci\u00f3n del titular de los datos personales, la descripci\u00f3n de los hechos que dan lugar al reclamo, la direcci\u00f3n del titular, y deber\u00e1 acompa\u00f1ar los documentos que se quieran hacer valer. De no contener esta informaci\u00f3n, se requerir\u00e1 al interesado dentro de los cinco (5) d\u00edas siguientes a su recepci\u00f3n para que subsane las fallas. Transcurridos dos (2) meses desde la fecha del requerimiento sin que el solicitante presente la informaci\u00f3n requerida, se entender\u00e1 que ha desistido del reclamo.\u00a0 <\/span><b>\u00a0<\/b><\/p><p><span style=\"font-weight: 400;\">Una vez recibido el reclamo completo, se incluir\u00e1 en la base de datos que mantiene <\/span><b>MAVERICK<\/b><span style=\"font-weight: 400;\"> una leyenda que diga &#8220;RECLAMO EN TR\u00c1MITE&#8221; y el motivo del mismo, en un t\u00e9rmino no mayor a dos (2) d\u00edas h\u00e1biles. Dicha leyenda deber\u00e1 mantenerse hasta que el reclamo sea decidido.\u00a0\u00a0\u00a0<\/span><\/p><p><span style=\"font-weight: 400;\">El t\u00e9rmino m\u00e1ximo para atender el reclamo ser\u00e1 de quince (15) d\u00edas h\u00e1biles contados a partir del d\u00eda siguiente a la fecha de su recibo. Cuando no fuere posible atenderlo dentro de dicho t\u00e9rmino se informar\u00e1 al interesado antes del vencimiento del referido plazo los motivos de la demora y la fecha en que se atender\u00e1 su reclamo, la cual en ning\u00fan caso podr\u00e1 superar los ocho (8) d\u00edas h\u00e1biles siguientes al vencimiento del primer t\u00e9rmino. \u00a0 \u00a0 \u00a0 \u00a0 <\/span><b>\u00a0\u00a0<\/b><\/p><p><b>Tercero. Supresi\u00f3n. <\/b><span style=\"font-weight: 400;\">El derecho de supresi\u00f3n de datos no es absoluto, <\/span><b>MAVERICK<\/b><span style=\"font-weight: 400;\"> puede negarlo cuando:\u00a0\u00a0\u00a0\u00a0<\/span><\/p><p><span style=\"font-weight: 400;\">El titular tenga un deber legal o contractual de permanecer en la base de datos.\u00a0\u00a0<\/span><\/p><p><span style=\"font-weight: 400;\">La eliminaci\u00f3n de datos obstaculice actuaciones judiciales o administrativas vinculadas a obligaciones fiscales, a investigaci\u00f3n y persecuci\u00f3n de delitos o a la actualizaci\u00f3n de sanciones administrativas.\u00a0\u00a0\u00a0\u00a0<\/span><\/p><p><span style=\"font-weight: 400;\">Los datos sean necesarios para proteger los intereses jur\u00eddicamente tutelados del titular; para realizar una acci\u00f3n en funci\u00f3n del inter\u00e9s p\u00fablico, o para cumplir con una obligaci\u00f3n legalmente adquirida por el titular.\u00a0\u00a0\u00a0\u00a0<\/span><\/p><p><span style=\"font-weight: 400;\">En caso de resultar procedente la cancelaci\u00f3n de los datos personales, <\/span><b>MAVERICK<\/b><span style=\"font-weight: 400;\"> debe realizar operativamente la supresi\u00f3n de tal manera que la eliminaci\u00f3n no permita la recuperaci\u00f3n de la informaci\u00f3n<\/span><b>.\u00a0\u00a0\u00a0\u00a0<\/b><\/p><p style=\"text-align: center;\"><b>RESPONSABLE DE LA PROTECCI\u00d3N DE LOS DATOS PERSONALES.\u00a0\u00a0<\/b><\/p><p><b>MAVERICK<\/b><span style=\"font-weight: 400;\"> ser\u00e1 la responsable por velar la protecci\u00f3n de datos personales y quienes adem\u00e1s vigilar\u00e1n para que a trav\u00e9s de los canales de atenci\u00f3n se tramiten las solicitudes de los titulares para el ejercicio de los derechos de acceso, consulta, rectificaci\u00f3n, actualizaci\u00f3n, supresi\u00f3n y revocatoria a que se refiere este manual, de conformidad con la normatividad relacionada con el tema.<\/span> <span style=\"font-weight: 400;\">Las consultas y reclamos deben ser tramitados a trav\u00e9s de los siguientes canales de atenci\u00f3n: <\/span><b>\u00a0<\/b><\/p><p><b>Ciudad: <\/b><span style=\"font-weight: 400;\">Cali<\/span><\/p><p><b>Direcci\u00f3n: <\/b><span style=\"font-weight: 400;\">CALLE 10 NORTE 10 07 OF D 2<\/span><\/p><p><b>Tel\u00e9fono M\u00f3vil: <\/b><span style=\"font-weight: 400;\">315 5383419<\/span><\/p><p><b>Sitio Web: <\/b><span style=\"font-weight: 400;\">www.maverickconsultora.com<\/span><\/p><p><b>Correo electr\u00f3nico:\u00a0 <\/b><span style=\"font-weight: 400;\">contacto@maverickconsultora.com<\/span><\/p>\t\t\t\t\t\t<\/div>\n\t\t\t\t<\/div>\n\t\t\t\t\t<\/div>\n\t\t<\/div>\n\t\t\t\t\t\t\t<\/div>\n\t\t<\/section>\n\t\t\t\t\t\t\t<\/div>","protected":false},"excerpt":{"rendered":"<p>POL\u00cdTICA DE PRIVACIDAD POL\u00cdTICA DE TRATAMIENTO PROTECCI\u00d3N DE DATOS PERSONALES&nbsp; MAVERICK&nbsp; En cumplimiento a lo dispuesto en la Ley estatutaria<\/p>\n<p><span class=\"more-link\"><a href=\"https:\/\/maverickconsultora.com\/en\/politica-privacidad\/\" class=\"readmore\">Continue reading<span class=\"screen-reader-text\">Privacy policy<\/span><\/a><\/span><\/p>","protected":false},"author":3,"featured_media":0,"parent":0,"menu_order":0,"comment_status":"closed","ping_status":"open","template":"","meta":[],"yoast_head":"<!-- This site is optimized with the Yoast SEO plugin v20.10 - https:\/\/yoast.com\/wordpress\/plugins\/seo\/ -->\n<title>Pol\u00edtica de privacidad<\/title>\n<meta name=\"robots\" content=\"noindex, nofollow\" \/>\n<meta property=\"og:locale\" content=\"en_US\" \/>\n<meta property=\"og:type\" content=\"article\" \/>\n<meta property=\"og:title\" content=\"Pol\u00edtica de privacidad\" \/>\n<meta property=\"og:description\" content=\"POL\u00cdTICA DE PRIVACIDAD POL\u00cdTICA DE TRATAMIENTO PROTECCI\u00d3N DE DATOS PERSONALES&nbsp; MAVERICK&nbsp; En cumplimiento a lo dispuesto en la Ley estatutariaContinue readingPol\u00edtica de privacidad\" \/>\n<meta property=\"og:url\" content=\"https:\/\/maverickconsultora.com\/en\/politica-privacidad\/\" \/>\n<meta property=\"og:site_name\" content=\"Maverick Consultora\" \/>\n<meta property=\"article:publisher\" content=\"https:\/\/www.facebook.com\/profile.php?id=100087960080351\" \/>\n<meta property=\"article:modified_time\" content=\"2023-07-02T20:49:21+00:00\" \/>\n<meta name=\"twitter:card\" content=\"summary_large_image\" \/>\n<meta name=\"twitter:label1\" content=\"Est. reading time\" \/>\n\t<meta name=\"twitter:data1\" content=\"18 minutes\" \/>\n<script type=\"application\/ld+json\" class=\"yoast-schema-graph\">{\"@context\":\"https:\/\/schema.org\",\"@graph\":[{\"@type\":\"WebPage\",\"@id\":\"https:\/\/maverickconsultora.com\/politica-privacidad\/\",\"url\":\"https:\/\/maverickconsultora.com\/politica-privacidad\/\",\"name\":\"Pol\u00edtica de privacidad\",\"isPartOf\":{\"@id\":\"https:\/\/maverickconsultora.com\/#website\"},\"datePublished\":\"2023-03-27T19:26:32+00:00\",\"dateModified\":\"2023-07-02T20:49:21+00:00\",\"breadcrumb\":{\"@id\":\"https:\/\/maverickconsultora.com\/politica-privacidad\/#breadcrumb\"},\"inLanguage\":\"en-US\",\"potentialAction\":[{\"@type\":\"ReadAction\",\"target\":[\"https:\/\/maverickconsultora.com\/politica-privacidad\/\"]}]},{\"@type\":\"BreadcrumbList\",\"@id\":\"https:\/\/maverickconsultora.com\/politica-privacidad\/#breadcrumb\",\"itemListElement\":[{\"@type\":\"ListItem\",\"position\":1,\"name\":\"Inicio\",\"item\":\"https:\/\/maverickconsultora.com\/\"},{\"@type\":\"ListItem\",\"position\":2,\"name\":\"Pol\u00edtica de privacidad\"}]},{\"@type\":\"WebSite\",\"@id\":\"https:\/\/maverickconsultora.com\/#website\",\"url\":\"https:\/\/maverickconsultora.com\/\",\"name\":\"Maverick Consultora\",\"description\":\"Descubre soluciones integrales con nuestra consultora de servicios jur\u00eddicos, econ\u00f3micos y estrat\u00e9gicos.Obt\u00e9n asesoramiento experto y confiable de nuestros abogados consultores para optimizar tus operaciones y tomar decisiones informadas para impulsar el crecimiento y el \u00e9xito de tu negocio. \u00a1Contacta a nuestros expertos hoy mismo y lleva tu negocio al siguiente nivel!\",\"publisher\":{\"@id\":\"https:\/\/maverickconsultora.com\/#organization\"},\"potentialAction\":[{\"@type\":\"SearchAction\",\"target\":{\"@type\":\"EntryPoint\",\"urlTemplate\":\"https:\/\/maverickconsultora.com\/?s={search_term_string}\"},\"query-input\":\"required name=search_term_string\"}],\"inLanguage\":\"en-US\"},{\"@type\":\"Organization\",\"@id\":\"https:\/\/maverickconsultora.com\/#organization\",\"name\":\"Maverick Consultora\",\"alternateName\":\"Maverick\",\"url\":\"https:\/\/maverickconsultora.com\/\",\"logo\":{\"@type\":\"ImageObject\",\"inLanguage\":\"en-US\",\"@id\":\"https:\/\/maverickconsultora.com\/#\/schema\/logo\/image\/\",\"url\":\"https:\/\/maverickconsultora.com\/wp-content\/uploads\/2023\/06\/cropped-Logo-Maverick.png\",\"contentUrl\":\"https:\/\/maverickconsultora.com\/wp-content\/uploads\/2023\/06\/cropped-Logo-Maverick.png\",\"width\":512,\"height\":512,\"caption\":\"Maverick Consultora\"},\"image\":{\"@id\":\"https:\/\/maverickconsultora.com\/#\/schema\/logo\/image\/\"},\"sameAs\":[\"https:\/\/www.facebook.com\/profile.php?id=100087960080351\",\"https:\/\/www.instagram.com\/maverickconsultora\/\",\"https:\/\/www.linkedin.com\/company\/maverickconsultora\/\"]}]}<\/script>\n<!-- \/ Yoast SEO plugin. -->","yoast_head_json":{"title":"Pol\u00edtica de privacidad","robots":{"index":"noindex","follow":"nofollow"},"og_locale":"en_US","og_type":"article","og_title":"Pol\u00edtica de privacidad","og_description":"POL\u00cdTICA DE PRIVACIDAD POL\u00cdTICA DE TRATAMIENTO PROTECCI\u00d3N DE DATOS PERSONALES&nbsp; MAVERICK&nbsp; En cumplimiento a lo dispuesto en la Ley estatutariaContinue readingPol\u00edtica de privacidad","og_url":"https:\/\/maverickconsultora.com\/en\/politica-privacidad\/","og_site_name":"Maverick Consultora","article_publisher":"https:\/\/www.facebook.com\/profile.php?id=100087960080351","article_modified_time":"2023-07-02T20:49:21+00:00","twitter_card":"summary_large_image","twitter_misc":{"Est. reading time":"18 minutes"},"schema":{"@context":"https:\/\/schema.org","@graph":[{"@type":"WebPage","@id":"https:\/\/maverickconsultora.com\/politica-privacidad\/","url":"https:\/\/maverickconsultora.com\/politica-privacidad\/","name":"Pol\u00edtica de privacidad","isPartOf":{"@id":"https:\/\/maverickconsultora.com\/#website"},"datePublished":"2023-03-27T19:26:32+00:00","dateModified":"2023-07-02T20:49:21+00:00","breadcrumb":{"@id":"https:\/\/maverickconsultora.com\/politica-privacidad\/#breadcrumb"},"inLanguage":"en-US","potentialAction":[{"@type":"ReadAction","target":["https:\/\/maverickconsultora.com\/politica-privacidad\/"]}]},{"@type":"BreadcrumbList","@id":"https:\/\/maverickconsultora.com\/politica-privacidad\/#breadcrumb","itemListElement":[{"@type":"ListItem","position":1,"name":"Inicio","item":"https:\/\/maverickconsultora.com\/"},{"@type":"ListItem","position":2,"name":"Pol\u00edtica de privacidad"}]},{"@type":"WebSite","@id":"https:\/\/maverickconsultora.com\/#website","url":"https:\/\/maverickconsultora.com\/","name":"Maverick Consultora","description":"Descubre soluciones integrales con nuestra consultora de servicios jur\u00eddicos, econ\u00f3micos y estrat\u00e9gicos.Obt\u00e9n asesoramiento experto y confiable de nuestros abogados consultores para optimizar tus operaciones y tomar decisiones informadas para impulsar el crecimiento y el \u00e9xito de tu negocio. \u00a1Contacta a nuestros expertos hoy mismo y lleva tu negocio al siguiente nivel!","publisher":{"@id":"https:\/\/maverickconsultora.com\/#organization"},"potentialAction":[{"@type":"SearchAction","target":{"@type":"EntryPoint","urlTemplate":"https:\/\/maverickconsultora.com\/?s={search_term_string}"},"query-input":"required name=search_term_string"}],"inLanguage":"en-US"},{"@type":"Organization","@id":"https:\/\/maverickconsultora.com\/#organization","name":"Maverick Consultora","alternateName":"Maverick","url":"https:\/\/maverickconsultora.com\/","logo":{"@type":"ImageObject","inLanguage":"en-US","@id":"https:\/\/maverickconsultora.com\/#\/schema\/logo\/image\/","url":"https:\/\/maverickconsultora.com\/wp-content\/uploads\/2023\/06\/cropped-Logo-Maverick.png","contentUrl":"https:\/\/maverickconsultora.com\/wp-content\/uploads\/2023\/06\/cropped-Logo-Maverick.png","width":512,"height":512,"caption":"Maverick Consultora"},"image":{"@id":"https:\/\/maverickconsultora.com\/#\/schema\/logo\/image\/"},"sameAs":["https:\/\/www.facebook.com\/profile.php?id=100087960080351","https:\/\/www.instagram.com\/maverickconsultora\/","https:\/\/www.linkedin.com\/company\/maverickconsultora\/"]}]}},"_links":{"self":[{"href":"https:\/\/maverickconsultora.com\/en\/wp-json\/wp\/v2\/pages\/3"}],"collection":[{"href":"https:\/\/maverickconsultora.com\/en\/wp-json\/wp\/v2\/pages"}],"about":[{"href":"https:\/\/maverickconsultora.com\/en\/wp-json\/wp\/v2\/types\/page"}],"author":[{"embeddable":true,"href":"https:\/\/maverickconsultora.com\/en\/wp-json\/wp\/v2\/users\/3"}],"replies":[{"embeddable":true,"href":"https:\/\/maverickconsultora.com\/en\/wp-json\/wp\/v2\/comments?post=3"}],"version-history":[{"count":115,"href":"https:\/\/maverickconsultora.com\/en\/wp-json\/wp\/v2\/pages\/3\/revisions"}],"predecessor-version":[{"id":5132,"href":"https:\/\/maverickconsultora.com\/en\/wp-json\/wp\/v2\/pages\/3\/revisions\/5132"}],"wp:attachment":[{"href":"https:\/\/maverickconsultora.com\/en\/wp-json\/wp\/v2\/media?parent=3"}],"curies":[{"name":"wp","href":"https:\/\/api.w.org\/{rel}","templated":true}]}}